{"id":377,"date":"2022-01-24T16:53:04","date_gmt":"2022-01-24T15:53:04","guid":{"rendered":"https:\/\/www.contzept.de\/shop\/?post_type=product&#038;p=377"},"modified":"2024-12-20T14:04:30","modified_gmt":"2024-12-20T13:04:30","slug":"petzl-toolbag","status":"publish","type":"product","link":"https:\/\/www.contzept.de\/shop\/produkt\/petzl-toolbag\/","title":{"rendered":"Petzl &#8211; Werkzeugtasche TOOLBAG"},"content":{"rendered":"<div class=\"list\">\n<ul>\n<li>Tasche zum Verstauen von Werkzeug bei Arbeiten am Boden und in der H\u00f6he:<br \/>\n&#8211; gro\u00dfes Volumen, ideal zum Verstauen des gesamten n\u00f6tigen Werkzeugs f\u00fcr einen Arbeitstag,<br \/>\n&#8211; zwei Hammerhalter innen zum optimalen Verstauen,<br \/>\n&#8211; mit einer Hand schnell und einfach bedienbares System zum \u00d6ffnen und Schlie\u00dfen,<br \/>\n&#8211; Verschluss durch Kordelstopper f\u00fcr ein sicheres Verstauen der Werkzeuge bei H\u00f6henarbeiten.<\/li>\n<li>Robuste Bauweise f\u00fcr regelm\u00e4\u00dfigen bis intensiven Einsatz:<br \/>\n&#8211; gegen UV-Strahlen, \u00d6le, Hitze und K\u00e4lte best\u00e4ndige TPU-Plane,<br \/>\n&#8211; wasserdichte Plane und wassabweisender Stoff.<\/li>\n<li>Mehrere Befestigungsm\u00f6glichkeiten am Gurt:<br \/>\n&#8211; mit dem INTERFAST-Zubeh\u00f6r: schnelle und einfache Befestigung am Gurt und geringeres Volumen f\u00fcr optimalen Komfort bei der Fortbewegung,<br \/>\n&#8211; mit einem normalen Verbindungselement.<\/li>\n<\/ul>\n<\/div>\n<div class=\"youtubeVideo\">\n<div id=\"j_id0:j_id1:j_id111\" class=\"youtubeVideo\"><span style=\"font-size: 1.618em;\">Spezifikationen<\/span><\/div>\n<\/div>\n<div class=\"list\">\n<ul>\n<li>Zertifizierung(en): ANSI\/ISEA 121-2018 (Norm zum Schutz vor herabfallenden Gegenst\u00e4nden)<\/li>\n<li>Volumen: 6 Liter<\/li>\n<li>Maximal zul\u00e4ssige Belastung: 6 kg<\/li>\n<li>Gewicht: 245 g<\/li>\n<li>Material: TPU (ohne PVC), Polypropylen, Polyester, rostfreier Stahl<\/li>\n<\/ul>\n<\/div>\n","protected":false},"excerpt":{"rendered":"<p>Werkzeugtasche<\/p>\n","protected":false},"featured_media":1820,"template":"","meta":[],"product_brand":[],"product_cat":[73],"product_tag":[],"class_list":{"0":"post-377","1":"product","2":"type-product","3":"status-publish","4":"has-post-thumbnail","6":"product_cat-transportsaecke-zubehoer","8":"first","9":"instock","10":"taxable","11":"shipping-taxable","12":"purchasable","13":"product-type-variable","14":"has-default-attributes"},"_links":{"self":[{"href":"https:\/\/www.contzept.de\/shop\/wp-json\/wp\/v2\/product\/377","targetHints":{"allow":["GET"]}}],"collection":[{"href":"https:\/\/www.contzept.de\/shop\/wp-json\/wp\/v2\/product"}],"about":[{"href":"https:\/\/www.contzept.de\/shop\/wp-json\/wp\/v2\/types\/product"}],"wp:featuredmedia":[{"embeddable":true,"href":"https:\/\/www.contzept.de\/shop\/wp-json\/wp\/v2\/media\/1820"}],"wp:attachment":[{"href":"https:\/\/www.contzept.de\/shop\/wp-json\/wp\/v2\/media?parent=377"}],"wp:term":[{"taxonomy":"product_brand","embeddable":true,"href":"https:\/\/www.contzept.de\/shop\/wp-json\/wp\/v2\/product_brand?post=377"},{"taxonomy":"product_cat","embeddable":true,"href":"https:\/\/www.contzept.de\/shop\/wp-json\/wp\/v2\/product_cat?post=377"},{"taxonomy":"product_tag","embeddable":true,"href":"https:\/\/www.contzept.de\/shop\/wp-json\/wp\/v2\/product_tag?post=377"}],"curies":[{"name":"wp","href":"https:\/\/api.w.org\/{rel}","templated":true}]}}