{"id":64,"date":"2021-11-27T10:38:56","date_gmt":"2021-11-27T09:38:56","guid":{"rendered":"https:\/\/www.contzept.de\/shop\/?post_type=product&#038;p=64"},"modified":"2024-12-20T14:19:23","modified_gmt":"2024-12-20T13:19:23","slug":"dual-kinnband","status":"publish","type":"product","link":"https:\/\/www.contzept.de\/shop\/produkt\/dual-kinnband\/","title":{"rendered":"Petzl &#8211; DUAL-Kinnband"},"content":{"rendered":"<div class=\"list\">\n<ul>\n<li>Erm\u00f6glicht den Austausch oder den Ersatz des Kinnbands der Helme VERTEX und STRATO.<\/li>\n<li>Der Benutzer kann die Haltekraft des Kinnbands \u00e4ndern, um den Helm unterschiedlichen Arbeitssituationen anzupassen: Arbeiten in der H\u00f6he (EN 12492) und Arbeiten am Boden (EN 397). Der Clip verf\u00fcgt \u00fcber zwei Positionen f\u00fcr zwei unterschiedliche Einsatzzwecke: hohe Haltekraft, um das Risiko zu reduzieren, dass der Helm bei einem Sturz vom Kopf gerissen wird, und geringe Haltekraft, um das Strangulationsrisiko zu reduzieren, wenn sich der Helm beim Arbeiten am Boden verf\u00e4ngt.<\/li>\n<li>Mit seitlichem Trennelement zur L\u00e4ngeneinstellung des Gurtbands.<\/li>\n<li>Kompatibel mit den Helmen VERTEX (1) und STRATO.<\/li>\n<li>Verf\u00fcgbar in zwei Farben: gelb und schwarz.<\/li>\n<li>Verl\u00e4ngerte Version zur Anpassung an unterschiedliche Einsatzzwecke.(1) Versionen ab 2019.<\/li>\n<\/ul>\n<\/div>\n<h3>Spezifikationen<\/h3>\n<div class=\"list\">\n<ul>\n<li>Gewicht: 34 g<\/li>\n<li>Material: Polyamid, Polycarbonat, hochfestes Polyester<\/li>\n<\/ul>\n<\/div>\n","protected":false},"excerpt":{"rendered":"<p>DUAL-Kinnband f\u00fcr die Helme VERTEX und STRATO<\/p>\n","protected":false},"featured_media":65,"template":"","meta":[],"product_brand":[],"product_cat":[20,23],"product_tag":[],"class_list":{"0":"post-64","1":"product","2":"type-product","3":"status-publish","4":"has-post-thumbnail","6":"product_cat-helme","7":"product_cat-helme-zubehoer","9":"first","10":"instock","11":"taxable","12":"shipping-taxable","13":"purchasable","14":"product-type-variable","15":"has-default-attributes"},"_links":{"self":[{"href":"https:\/\/www.contzept.de\/shop\/wp-json\/wp\/v2\/product\/64","targetHints":{"allow":["GET"]}}],"collection":[{"href":"https:\/\/www.contzept.de\/shop\/wp-json\/wp\/v2\/product"}],"about":[{"href":"https:\/\/www.contzept.de\/shop\/wp-json\/wp\/v2\/types\/product"}],"wp:featuredmedia":[{"embeddable":true,"href":"https:\/\/www.contzept.de\/shop\/wp-json\/wp\/v2\/media\/65"}],"wp:attachment":[{"href":"https:\/\/www.contzept.de\/shop\/wp-json\/wp\/v2\/media?parent=64"}],"wp:term":[{"taxonomy":"product_brand","embeddable":true,"href":"https:\/\/www.contzept.de\/shop\/wp-json\/wp\/v2\/product_brand?post=64"},{"taxonomy":"product_cat","embeddable":true,"href":"https:\/\/www.contzept.de\/shop\/wp-json\/wp\/v2\/product_cat?post=64"},{"taxonomy":"product_tag","embeddable":true,"href":"https:\/\/www.contzept.de\/shop\/wp-json\/wp\/v2\/product_tag?post=64"}],"curies":[{"name":"wp","href":"https:\/\/api.w.org\/{rel}","templated":true}]}}